{"id":6457,"date":"2026-06-29T15:36:24","date_gmt":"2026-06-29T15:36:24","guid":{"rendered":"https:\/\/www.tracea.ch\/boutique\/non%20class\u00e9\/allround-9-l\/"},"modified":"2026-06-29T15:36:24","modified_gmt":"2026-06-29T15:36:24","slug":"allround-9-l","status":"publish","type":"product","link":"https:\/\/www.tracea.ch\/it\/boutique\/allround-9-l\/","title":{"rendered":"Allround 9 L"},"content":{"rendered":"<p>L&rsquo;Allround 9L est un matelas isolant confortable et robuste offrant un large \u00e9ventail d&rsquo;utilisations.  Gr\u00e2ce \u00e0 son faible encombrement et \u00e0 son poids plume, il est parfaitement adapt\u00e9 au trekking et en m\u00eame temps si confortable qu&rsquo;il peut aussi servir de lit d&rsquo;appoint. Son contour lat\u00e9ral rectiligne maximise non seulement la surface de couchage, mais il n&rsquo;y a pas non plus de faille g\u00eanante lorsque deux matelas sont plac\u00e9s c\u00f4te \u00e0 c\u00f4te. La nouvelle conception des compartiments cr\u00e9e une surface de couchage plus plane, am\u00e9liorant ainsi la stabilit\u00e9 et le confort de sommeil. Gr\u00e2ce \u00e0 son garnissage en fibres synth\u00e9tiques insensibles \u00e0 l&rsquo;humidit\u00e9, le matelas isolant Allround 9L est adapt\u00e9 aux utilisations du printemps \u00e0 l&rsquo;automne. Pour prot\u00e9ger l&rsquo;int\u00e9rieur du matelas de l&rsquo;humidit\u00e9 (due \u00e0 la respiration), nous recommandons l&rsquo;utilisation du sac ou du coussin de gonflage VAUDE. Un kit de r\u00e9paration est fourni pour les r\u00e9parations rapides en cours de route.<\/p>\n<p><em>Matelas isolant l\u00e9ger et confortable 3 saisons avec mati\u00e8re sup\u00e9rieure stretch pour personnes de grande taille #nouvelle conception des compartiments pour am\u00e9liorer la stabilit\u00e9 et le confort de sommeil #bon rapport chaleur\/poids #mati\u00e8re principale essentiellement fabriqu\u00e9e en polyester recycl\u00e9<\/em><\/p>","protected":false},"excerpt":{"rendered":"<p>Matelas isolant l\u00e9ger et confortable 3 saisons avec mati\u00e8re sup\u00e9rieure stretch pour personnes de grande taille #nouvelle conception des compartiments pour am\u00e9liorer la stabilit\u00e9 et le confort de sommeil #bon rapport chaleur\/poids #mati\u00e8re principale essentiellement fabriqu\u00e9e en polyester recycl\u00e9<\/p>","protected":false},"featured_media":6458,"comment_status":"closed","ping_status":"open","template":"","meta":[],"product_brand":[375],"product_cat":[213,399,362],"product_tag":[365,389,368,390],"class_list":["post-6457","product","type-product","status-publish","has-post-thumbnail","product_brand-vaude","product_cat-boutique","product_cat-matelas","product_cat-sacs-de-couchage","product_tag-boutique","product_tag-sac-de-couchage","product_tag-vente","product_tag-vente-sac-de-couchage","pa_saison-toutes-saisons-ete-printemps-automne","first","instock","purchasable","product-type-simple"],"_links":{"self":[{"href":"https:\/\/www.tracea.ch\/it\/wp-json\/wp\/v2\/product\/6457","targetHints":{"allow":["GET"]}}],"collection":[{"href":"https:\/\/www.tracea.ch\/it\/wp-json\/wp\/v2\/product"}],"about":[{"href":"https:\/\/www.tracea.ch\/it\/wp-json\/wp\/v2\/types\/product"}],"replies":[{"embeddable":true,"href":"https:\/\/www.tracea.ch\/it\/wp-json\/wp\/v2\/comments?post=6457"}],"version-history":[{"count":0,"href":"https:\/\/www.tracea.ch\/it\/wp-json\/wp\/v2\/product\/6457\/revisions"}],"wp:featuredmedia":[{"embeddable":true,"href":"https:\/\/www.tracea.ch\/it\/wp-json\/wp\/v2\/media\/6458"}],"wp:attachment":[{"href":"https:\/\/www.tracea.ch\/it\/wp-json\/wp\/v2\/media?parent=6457"}],"wp:term":[{"taxonomy":"product_brand","embeddable":true,"href":"https:\/\/www.tracea.ch\/it\/wp-json\/wp\/v2\/product_brand?post=6457"},{"taxonomy":"product_cat","embeddable":true,"href":"https:\/\/www.tracea.ch\/it\/wp-json\/wp\/v2\/product_cat?post=6457"},{"taxonomy":"product_tag","embeddable":true,"href":"https:\/\/www.tracea.ch\/it\/wp-json\/wp\/v2\/product_tag?post=6457"}],"curies":[{"name":"wp","href":"https:\/\/api.w.org\/{rel}","templated":true}]}}