{"id":6462,"date":"2026-06-29T15:36:24","date_gmt":"2026-06-29T15:36:24","guid":{"rendered":"https:\/\/www.tracea.ch\/boutique\/non%20class\u00e9\/performance-9-l\/"},"modified":"2026-06-29T15:36:33","modified_gmt":"2026-06-29T15:36:33","slug":"performance-9-l","status":"publish","type":"product","link":"https:\/\/www.tracea.ch\/it\/boutique\/performance-9-l\/","title":{"rendered":"Rendimento 9 L"},"content":{"rendered":"<p>\u00c0 grand matelas, petit poids &#8211; sans pour autant faire de concessions en mati\u00e8re de confort ou de performance thermique. Cela est d\u00fb d&rsquo;une part \u00e0 la toute nouvelle construction \u00e0 compartiments : La structure gaufr\u00e9e cr\u00e9e une surface de couchage plus plane et offre plus de confort aux personnes dormant sur le c\u00f4t\u00e9, le dos ou le ventre. D&rsquo;autre part, le matelas Performance 9 L b\u00e9n\u00e9ficie d&rsquo;une isolation innovante : L&rsquo;int\u00e9rieur du matelas est divis\u00e9 en diff\u00e9rents espaces de convection par un film r\u00e9fl\u00e9chissant. L&rsquo;air r\u00e9chauff\u00e9 par le dormeur circule en haut tandis que le froid du sol est stopp\u00e9 en bas. La chaleur \u00e9mise par le dormeur est r\u00e9fl\u00e9chie en plus. M\u00eame si le matelas Performance 9 L n&rsquo;a pas besoin d&rsquo;un garnissage isolant classique en duvet ou en fibres synth\u00e9tiques, nous recommandons l&rsquo;utilisation d&rsquo;un coussin ou d&rsquo;un sac \u00e0 pompe VAUDE pour \u00e9viter que l&rsquo;humidit\u00e9 ne p\u00e9n\u00e8tre \u00e0 l&rsquo;int\u00e9rieur du matelas.<\/p>\n<p><em>Matelas isolant tr\u00e8s l\u00e9ger pour adeptes du sport outdoor voyageant l\u00e9ger #nouvelle conception des compartiments pour am\u00e9liorer la stabilit\u00e9 et le confort de sommeil #excellent rapport chaleur\/poids gr\u00e2ce \u00e0 l\u2019isolation r\u00e9fl\u00e9chissante #mati\u00e8re principale essentiellement fabriqu\u00e9e en polyester recycl\u00e9<\/em><\/p>","protected":false},"excerpt":{"rendered":"<p>Matelas isolant tr\u00e8s l\u00e9ger pour adeptes du sport outdoor voyageant l\u00e9ger #nouvelle conception des compartiments pour am\u00e9liorer la stabilit\u00e9 et le confort de sommeil #excellent rapport chaleur\/poids gr\u00e2ce \u00e0 l\u2019isolation r\u00e9fl\u00e9chissante #mati\u00e8re principale essentiellement fabriqu\u00e9e en polyester recycl\u00e9<\/p>","protected":false},"featured_media":6463,"comment_status":"closed","ping_status":"open","template":"","meta":[],"product_brand":[375],"product_cat":[213,399,362],"product_tag":[365,389,368,390],"class_list":["post-6462","product","type-product","status-publish","has-post-thumbnail","product_brand-vaude","product_cat-boutique","product_cat-matelas","product_cat-sacs-de-couchage","product_tag-boutique","product_tag-sac-de-couchage","product_tag-vente","product_tag-vente-sac-de-couchage","pa_saison-toutes-saisons-ete-printemps-automne","first","instock","purchasable","product-type-simple"],"_links":{"self":[{"href":"https:\/\/www.tracea.ch\/it\/wp-json\/wp\/v2\/product\/6462","targetHints":{"allow":["GET"]}}],"collection":[{"href":"https:\/\/www.tracea.ch\/it\/wp-json\/wp\/v2\/product"}],"about":[{"href":"https:\/\/www.tracea.ch\/it\/wp-json\/wp\/v2\/types\/product"}],"replies":[{"embeddable":true,"href":"https:\/\/www.tracea.ch\/it\/wp-json\/wp\/v2\/comments?post=6462"}],"version-history":[{"count":0,"href":"https:\/\/www.tracea.ch\/it\/wp-json\/wp\/v2\/product\/6462\/revisions"}],"wp:featuredmedia":[{"embeddable":true,"href":"https:\/\/www.tracea.ch\/it\/wp-json\/wp\/v2\/media\/6463"}],"wp:attachment":[{"href":"https:\/\/www.tracea.ch\/it\/wp-json\/wp\/v2\/media?parent=6462"}],"wp:term":[{"taxonomy":"product_brand","embeddable":true,"href":"https:\/\/www.tracea.ch\/it\/wp-json\/wp\/v2\/product_brand?post=6462"},{"taxonomy":"product_cat","embeddable":true,"href":"https:\/\/www.tracea.ch\/it\/wp-json\/wp\/v2\/product_cat?post=6462"},{"taxonomy":"product_tag","embeddable":true,"href":"https:\/\/www.tracea.ch\/it\/wp-json\/wp\/v2\/product_tag?post=6462"}],"curies":[{"name":"wp","href":"https:\/\/api.w.org\/{rel}","templated":true}]}}