{"id":6464,"date":"2026-06-29T15:36:37","date_gmt":"2026-06-29T15:36:37","guid":{"rendered":"https:\/\/www.tracea.ch\/boutique\/non%20class\u00e9\/tour-3-8-m-ii\/"},"modified":"2026-06-29T15:36:37","modified_gmt":"2026-06-29T15:36:37","slug":"tour-3-8-m-ii","status":"publish","type":"product","link":"https:\/\/www.tracea.ch\/it\/boutique\/tour-3-8-m-ii\/","title":{"rendered":"Torre 3.8 M II"},"content":{"rendered":"<p>Le matelas isolant Tour 3.8 M II est l\u00e9ger et suffisamment compact pour \u00eatre emport\u00e9 en trekking. Gr\u00e2ce \u00e0 son noyau en mousse autogonflant, le matelas est super facile \u00e0 utiliser et m\u00e9nage le porte-monnaie en plus. Les changements par rapport au mod\u00e8le pr\u00e9c\u00e9dent concernent essentiellement le mat\u00e9riau : Un tissu un peu plus robuste est utilis\u00e9 sur la face sup\u00e9rieure et le nouveau rev\u00eatement TPU sur la face int\u00e9rieure r\u00e9siste \u00e0 l&rsquo;hydrolyse. Compatible avec le coussin et le sac de gonflage VAUDE, kit de r\u00e9paration inclus. Que ce soit en camping, en trekking, dans un van ou lors de festivals, le matelas isolant Tour 3.8 M II est toujours pratique !<\/p>\n<p><em>Matelas isolant autogonflant pour le camping et le trekking #usage polyvalent #avec c\u0153ur en mousse r\u00e9sistant #VAUDE s\u2019engage pour des conditions de travail responsables dans le monde entier<\/em><\/p>","protected":false},"excerpt":{"rendered":"<p>Matelas isolant autogonflant pour le camping et le trekking #usage polyvalent #avec c\u0153ur en mousse r\u00e9sistant #VAUDE s\u2019engage pour des conditions de travail responsables dans le monde entier<\/p>","protected":false},"featured_media":6465,"comment_status":"closed","ping_status":"open","template":"","meta":[],"product_brand":[375],"product_cat":[213,399,362],"product_tag":[365,389,368,390],"class_list":["post-6464","product","type-product","status-publish","has-post-thumbnail","product_brand-vaude","product_cat-boutique","product_cat-matelas","product_cat-sacs-de-couchage","product_tag-boutique","product_tag-sac-de-couchage","product_tag-vente","product_tag-vente-sac-de-couchage","pa_saison-toutes-saisons-ete-printemps-automne","first","instock","purchasable","product-type-simple"],"_links":{"self":[{"href":"https:\/\/www.tracea.ch\/it\/wp-json\/wp\/v2\/product\/6464","targetHints":{"allow":["GET"]}}],"collection":[{"href":"https:\/\/www.tracea.ch\/it\/wp-json\/wp\/v2\/product"}],"about":[{"href":"https:\/\/www.tracea.ch\/it\/wp-json\/wp\/v2\/types\/product"}],"replies":[{"embeddable":true,"href":"https:\/\/www.tracea.ch\/it\/wp-json\/wp\/v2\/comments?post=6464"}],"version-history":[{"count":0,"href":"https:\/\/www.tracea.ch\/it\/wp-json\/wp\/v2\/product\/6464\/revisions"}],"wp:featuredmedia":[{"embeddable":true,"href":"https:\/\/www.tracea.ch\/it\/wp-json\/wp\/v2\/media\/6465"}],"wp:attachment":[{"href":"https:\/\/www.tracea.ch\/it\/wp-json\/wp\/v2\/media?parent=6464"}],"wp:term":[{"taxonomy":"product_brand","embeddable":true,"href":"https:\/\/www.tracea.ch\/it\/wp-json\/wp\/v2\/product_brand?post=6464"},{"taxonomy":"product_cat","embeddable":true,"href":"https:\/\/www.tracea.ch\/it\/wp-json\/wp\/v2\/product_cat?post=6464"},{"taxonomy":"product_tag","embeddable":true,"href":"https:\/\/www.tracea.ch\/it\/wp-json\/wp\/v2\/product_tag?post=6464"}],"curies":[{"name":"wp","href":"https:\/\/api.w.org\/{rel}","templated":true}]}}