{"id":6510,"date":"2026-06-29T15:38:11","date_gmt":"2026-06-29T15:38:11","guid":{"rendered":"https:\/\/www.tracea.ch\/boutique\/non%20class\u00e9\/sioux-800-ii-syn-2\/"},"modified":"2026-06-29T15:38:36","modified_gmt":"2026-06-29T15:38:36","slug":"sioux-800-ii-syn-2","status":"publish","type":"product","link":"https:\/\/www.tracea.ch\/it\/boutique\/sioux-800-ii-syn-2\/","title":{"rendered":"Sioux 800 II SYN"},"content":{"rendered":"<p>Qui recherche un sac de couchage chaud, robuste et r\u00e9sistant pour la randonn\u00e9e, le trekking ou le voyage, trouvera son bonheur avec le sac de couchage en fibres synth\u00e9tiques Sioux 800. Le garnissage en fibres synth\u00e9tiques \u00e9vacue l&rsquo;humidit\u00e9 corporelle, r\u00e9chauffe m\u00eame \u00e0 l&rsquo;\u00e9tat humide (contrairement au duvet) et s\u00e8che rapidement. La forme de momie et la collerette antifroid r\u00e9glable garantissent une r\u00e9tention de chaleur efficace et assurent un climat de bien-\u00eatre favorable au sommeil. Quand il commence \u00e0 faire trop chaud, on peut se rafraichir en maniant rapidement le zip bidirectionnel. Et rien ne s&rsquo;oppose non plus \u00e0 passer la nuit \u00e0 la belle \u00e9toile&nbsp;: le mat\u00e9riau ext\u00e9rieur du sac de couchage en fibres synth\u00e9tiques Sioux 800 est dot\u00e9 de la finition d\u00e9perlante et antisalissures Eco Finish sans PFC. Mais Sioux 800 est surtout le fruit de notre engagement affirm\u00e9 en faveur du d\u00e9veloppement durable&nbsp;: le sac de couchage en fibres synth\u00e9tiques prend part au concept d&rsquo;\u00e9conomie circulaire VAUDE. Les mat\u00e9riaux principaux, ainsi que le garnissage, sont compos\u00e9s \u00e0 100&nbsp;% de polyester recycl\u00e9. Il se distingue en plus par une coupe favorisant l&rsquo;efficacit\u00e9 mat\u00e9rielle, sa robustesse et sa r\u00e9parabilit\u00e9 ais\u00e9e. Le label Green Shape de VAUDE garantit un produit \u00e9cologique, fonctionnel et fabriqu\u00e9 dans des mat\u00e9riaux durables.<\/p>\n<p><em>Sac de couchage en fibres synth\u00e9tiques facile d&rsquo;entretien pour la randonn\u00e9e, le trekking et le voyage #3&nbsp;saisons (du printemps \u00e0 l&rsquo;automne) #coupe momie pr\u00e8s du corps #fabrication principale en polyester recycl\u00e9<\/em><\/p>","protected":false},"excerpt":{"rendered":"<p>Sac de couchage en fibres synth\u00e9tiques facile d&rsquo;entretien pour la randonn\u00e9e, le trekking et le voyage #3&nbsp;saisons (du printemps \u00e0 l&rsquo;automne) #coupe momie pr\u00e8s du corps #fabrication principale en polyester recycl\u00e9<\/p>","protected":false},"featured_media":6511,"comment_status":"closed","ping_status":"open","template":"","meta":[],"product_brand":[375],"product_cat":[213,401,362],"product_tag":[365,389,368,390],"class_list":["post-6510","product","type-product","status-publish","has-post-thumbnail","product_brand-vaude","product_cat-boutique","product_cat-fibre-synthetique","product_cat-sacs-de-couchage","product_tag-boutique","product_tag-sac-de-couchage","product_tag-vente","product_tag-vente-sac-de-couchage","pa_saison-toutes-saisons-printemps-automne","first","instock","purchasable","product-type-simple"],"_links":{"self":[{"href":"https:\/\/www.tracea.ch\/it\/wp-json\/wp\/v2\/product\/6510","targetHints":{"allow":["GET"]}}],"collection":[{"href":"https:\/\/www.tracea.ch\/it\/wp-json\/wp\/v2\/product"}],"about":[{"href":"https:\/\/www.tracea.ch\/it\/wp-json\/wp\/v2\/types\/product"}],"replies":[{"embeddable":true,"href":"https:\/\/www.tracea.ch\/it\/wp-json\/wp\/v2\/comments?post=6510"}],"version-history":[{"count":0,"href":"https:\/\/www.tracea.ch\/it\/wp-json\/wp\/v2\/product\/6510\/revisions"}],"wp:featuredmedia":[{"embeddable":true,"href":"https:\/\/www.tracea.ch\/it\/wp-json\/wp\/v2\/media\/6511"}],"wp:attachment":[{"href":"https:\/\/www.tracea.ch\/it\/wp-json\/wp\/v2\/media?parent=6510"}],"wp:term":[{"taxonomy":"product_brand","embeddable":true,"href":"https:\/\/www.tracea.ch\/it\/wp-json\/wp\/v2\/product_brand?post=6510"},{"taxonomy":"product_cat","embeddable":true,"href":"https:\/\/www.tracea.ch\/it\/wp-json\/wp\/v2\/product_cat?post=6510"},{"taxonomy":"product_tag","embeddable":true,"href":"https:\/\/www.tracea.ch\/it\/wp-json\/wp\/v2\/product_tag?post=6510"}],"curies":[{"name":"wp","href":"https:\/\/api.w.org\/{rel}","templated":true}]}}