{"id":6620,"date":"2026-06-29T15:44:46","date_gmt":"2026-06-29T15:44:46","guid":{"rendered":"https:\/\/www.tracea.ch\/boutique\/non%20class\u00e9\/sioux-400-s-ii-syn-2\/"},"modified":"2026-06-29T15:45:35","modified_gmt":"2026-06-29T15:45:35","slug":"sioux-400-s-ii-syn-2","status":"publish","type":"product","link":"https:\/\/www.tracea.ch\/it\/boutique\/sioux-400-s-ii-syn-2\/","title":{"rendered":"Sioux 400 S II SYN"},"content":{"rendered":"<p>Mais le sac de couchage trouve g\u00e9n\u00e9ralement un emploi seulement en \u00e9t\u00e9. Le garnissage en fibres synth\u00e9tiques monocouche du sac de couchage Sioux 400&nbsp;S (taille corporelle jusqu&rsquo;\u00e0 170&nbsp;cm) \u00e9conomise du poids et offre tout de m\u00eame une isolation suffisante pour des circuits de trekking et de refuge dans des zones climatiques temp\u00e9r\u00e9es. Les fibres synth\u00e9tiques r\u00e9chauffent m\u00eame \u00e0 l&rsquo;\u00e9tat humide et \u00e9vacuent l&rsquo;humidit\u00e9. La forme de momie et la capuche de forme anatomique sont garants d&rsquo;une isolation efficace et le zip bidirectionnel permet \u00e0 la chaleur superflue de s&rsquo;\u00e9chapper. Aucun probl\u00e8me ne se pose \u00e9galement \u00e0 passer des nuits \u00e0 la belle \u00e9toile&nbsp;: le mat\u00e9riau ext\u00e9rieur du sac de couchage en fibres synth\u00e9tiques Sioux 400&nbsp;S est dot\u00e9 de la finition d\u00e9perlante et antisalissures Eco Finish sans PFC. Mais ce sac de couchage est surtout le fruit de notre engagement affirm\u00e9 en faveur du d\u00e9veloppement durable, car il prend part au concept d&rsquo;\u00e9conomie circulaire VAUDE. Les mat\u00e9riaux principaux, ainsi que le garnissage, sont compos\u00e9s \u00e0 100&nbsp;% de polyester recycl\u00e9. Il se distingue en plus par une coupe favorisant l&rsquo;efficacit\u00e9 mat\u00e9rielle, sa robustesse et sa r\u00e9parabilit\u00e9 ais\u00e9e. Le label Green Shape de VAUDE garantit un produit \u00e9cologique, fonctionnel et fabriqu\u00e9 dans des mat\u00e9riaux durables.<\/p>\n<p><em>Sac de couchage en fibres synth\u00e9tiques de coupe \u00e9court\u00e9e pour la randonn\u00e9e, le trekking et le voyage #2&nbsp;saisons (de la fin du printemps au d\u00e9but de l&rsquo;automne) #coupe momie pr\u00e8s du corps #fabrication principale en polyester recycl\u00e9<\/em><\/p>","protected":false},"excerpt":{"rendered":"<p>Sac de couchage en fibres synth\u00e9tiques de coupe \u00e9court\u00e9e pour la randonn\u00e9e, le trekking et le voyage #2&nbsp;saisons (de la fin du printemps au d\u00e9but de l&rsquo;automne) #coupe momie pr\u00e8s du corps #fabrication principale en polyester recycl\u00e9<\/p>","protected":false},"featured_media":6621,"comment_status":"closed","ping_status":"open","template":"","meta":[],"product_brand":[375],"product_cat":[213,401,362],"product_tag":[365,389,368,390],"class_list":["post-6620","product","type-product","status-publish","has-post-thumbnail","product_brand-vaude","product_cat-boutique","product_cat-fibre-synthetique","product_cat-sacs-de-couchage","product_tag-boutique","product_tag-sac-de-couchage","product_tag-vente","product_tag-vente-sac-de-couchage","pa_saison-toutes-saisons-printemps-automne","first","instock","purchasable","product-type-simple"],"_links":{"self":[{"href":"https:\/\/www.tracea.ch\/it\/wp-json\/wp\/v2\/product\/6620","targetHints":{"allow":["GET"]}}],"collection":[{"href":"https:\/\/www.tracea.ch\/it\/wp-json\/wp\/v2\/product"}],"about":[{"href":"https:\/\/www.tracea.ch\/it\/wp-json\/wp\/v2\/types\/product"}],"replies":[{"embeddable":true,"href":"https:\/\/www.tracea.ch\/it\/wp-json\/wp\/v2\/comments?post=6620"}],"version-history":[{"count":0,"href":"https:\/\/www.tracea.ch\/it\/wp-json\/wp\/v2\/product\/6620\/revisions"}],"wp:featuredmedia":[{"embeddable":true,"href":"https:\/\/www.tracea.ch\/it\/wp-json\/wp\/v2\/media\/6621"}],"wp:attachment":[{"href":"https:\/\/www.tracea.ch\/it\/wp-json\/wp\/v2\/media?parent=6620"}],"wp:term":[{"taxonomy":"product_brand","embeddable":true,"href":"https:\/\/www.tracea.ch\/it\/wp-json\/wp\/v2\/product_brand?post=6620"},{"taxonomy":"product_cat","embeddable":true,"href":"https:\/\/www.tracea.ch\/it\/wp-json\/wp\/v2\/product_cat?post=6620"},{"taxonomy":"product_tag","embeddable":true,"href":"https:\/\/www.tracea.ch\/it\/wp-json\/wp\/v2\/product_tag?post=6620"}],"curies":[{"name":"wp","href":"https:\/\/api.w.org\/{rel}","templated":true}]}}