{"id":6692,"date":"2026-06-29T15:49:30","date_gmt":"2026-06-29T15:49:30","guid":{"rendered":"https:\/\/www.tracea.ch\/boutique\/non%20class\u00e9\/navajo-500-xl-ii-syn\/"},"modified":"2026-06-29T15:50:18","modified_gmt":"2026-06-29T15:50:18","slug":"navajo-500-xl-ii-syn","status":"publish","type":"product","link":"https:\/\/www.tracea.ch\/it\/boutique\/navajo-500-xl-ii-syn\/","title":{"rendered":"Navajo 500 XL II SYN"},"content":{"rendered":"<p>Navajo 500&nbsp;XL (pour taille corporelle \u00e0 partir de 190&nbsp;cm) est un sac de couchage couverture spacieux et extralong, une couverture de lit et un poncho chauffant \u00e0 la fois. En outre, il peut s&rsquo;accoupler avec tous les autres sacs de couchage couvertures de VAUDE, sans \u00eatre g\u00ean\u00e9 par des zips sur la surface de couchage et avec une entr\u00e9e\/sortie propre \u00e0 chaque dormeur ou dormeuse. Le garnissage en fibres synth\u00e9tiques isole, r\u00e9chauffe m\u00eame \u00e0 l&rsquo;\u00e9tat humide et est tr\u00e8s respirant. En cas de froid, la partie haute se transforme en une capuche 3D \u00e0 l&rsquo;aide d&rsquo;un cordon de serrage. Le nouveau mat\u00e9riau ext\u00e9rieur est l\u00e9ger, pr\u00e9sente un toucher agr\u00e9able et soyeux et ne colle pas \u00e0 la peau. Sa finition Eco Finish sans PFC est d\u00e9perlante et antisalissures. Le sac de couchage couverture Navajo 500&nbsp;XL prend part au concept d&rsquo;\u00e9conomie circulaire VAUDE. Les mat\u00e9riaux principaux, ainsi que le garnissage, sont compos\u00e9s \u00e0 100&nbsp;% de polyester recycl\u00e9. Il se distingue en plus par une coupe favorisant l&rsquo;efficacit\u00e9 mat\u00e9rielle, sa robustesse et sa r\u00e9parabilit\u00e9 ais\u00e9e. Le label Green Shape de VAUDE garantit un produit \u00e9cologique, fonctionnel et fabriqu\u00e9 dans des mat\u00e9riaux durables.<\/p>\n<p><em>Sac de couchage couverture extralong avec garnissage en fibres synth\u00e9tiques #2&nbsp;saisons (de la fin du printemps au d\u00e9but de l&rsquo;automne) #forme de couverture carr\u00e9e, usage polyvalent #fabrication principale en polyester recycl\u00e9<\/em><\/p>","protected":false},"excerpt":{"rendered":"<p>Sac de couchage couverture extralong avec garnissage en fibres synth\u00e9tiques #2&nbsp;saisons (de la fin du printemps au d\u00e9but de l&rsquo;automne) #forme de couverture carr\u00e9e, usage polyvalent #fabrication principale en polyester recycl\u00e9<\/p>","protected":false},"featured_media":6693,"comment_status":"closed","ping_status":"open","template":"","meta":[],"product_brand":[375],"product_cat":[213,401,362],"product_tag":[365,389,368,390],"class_list":["post-6692","product","type-product","status-publish","has-post-thumbnail","product_brand-vaude","product_cat-boutique","product_cat-fibre-synthetique","product_cat-sacs-de-couchage","product_tag-boutique","product_tag-sac-de-couchage","product_tag-vente","product_tag-vente-sac-de-couchage","pa_saison-toutes-saisons-ete-printemps-automne","first","instock","purchasable","product-type-simple"],"_links":{"self":[{"href":"https:\/\/www.tracea.ch\/it\/wp-json\/wp\/v2\/product\/6692","targetHints":{"allow":["GET"]}}],"collection":[{"href":"https:\/\/www.tracea.ch\/it\/wp-json\/wp\/v2\/product"}],"about":[{"href":"https:\/\/www.tracea.ch\/it\/wp-json\/wp\/v2\/types\/product"}],"replies":[{"embeddable":true,"href":"https:\/\/www.tracea.ch\/it\/wp-json\/wp\/v2\/comments?post=6692"}],"version-history":[{"count":0,"href":"https:\/\/www.tracea.ch\/it\/wp-json\/wp\/v2\/product\/6692\/revisions"}],"wp:featuredmedia":[{"embeddable":true,"href":"https:\/\/www.tracea.ch\/it\/wp-json\/wp\/v2\/media\/6693"}],"wp:attachment":[{"href":"https:\/\/www.tracea.ch\/it\/wp-json\/wp\/v2\/media?parent=6692"}],"wp:term":[{"taxonomy":"product_brand","embeddable":true,"href":"https:\/\/www.tracea.ch\/it\/wp-json\/wp\/v2\/product_brand?post=6692"},{"taxonomy":"product_cat","embeddable":true,"href":"https:\/\/www.tracea.ch\/it\/wp-json\/wp\/v2\/product_cat?post=6692"},{"taxonomy":"product_tag","embeddable":true,"href":"https:\/\/www.tracea.ch\/it\/wp-json\/wp\/v2\/product_tag?post=6692"}],"curies":[{"name":"wp","href":"https:\/\/api.w.org\/{rel}","templated":true}]}}