{"id":6704,"date":"2026-06-29T15:50:43","date_gmt":"2026-06-29T15:50:43","guid":{"rendered":"https:\/\/www.tracea.ch\/boutique\/non%20class\u00e9\/navajo-900-ii-syn-2\/"},"modified":"2026-06-29T15:51:06","modified_gmt":"2026-06-29T15:51:06","slug":"navajo-900-ii-syn-2","status":"publish","type":"product","link":"https:\/\/www.tracea.ch\/it\/boutique\/navajo-900-ii-syn-2\/","title":{"rendered":"Navajo 900 II SYN"},"content":{"rendered":"<p>Efficacement chaud et ultrapolyvalent&nbsp;: Navajo 900 s&rsquo;utilise comme un sac de couchage spacieux, une couverture de lit et un poncho chauffant \u00e0 la fois. Et on peut l&rsquo;accoupler avec d&rsquo;autres sacs de couchage couvertures VAUDE, pour qu&rsquo;aucun zip ne g\u00eane sur la surface de couchage et que les deux dormeurs disposent chacun de leur propre entr\u00e9e. Le garnissage en fibres synth\u00e9tiques bicouche est garant d&rsquo;une r\u00e9tention de chaleur fiable jusqu&rsquo;aux alentours du point de cong\u00e9lation, isole m\u00eame \u00e0 l&rsquo;\u00e9tat humide et est tr\u00e8s respirant. Les surpiq\u00fbres d\u00e9cal\u00e9es barrent la route aux ponts thermiques, la partie haute se transforme en une capuche 3D \u00e0 l&rsquo;aide d&rsquo;un cordon de serrage. Le nouveau mat\u00e9riau ext\u00e9rieur est l\u00e9ger, soyeux et ne colle pas \u00e0 la peau. Sa finition Eco Finish sans PFC est d\u00e9perlante et antisalissures. Le sac de couchage Navajo 900 prend part au concept d&rsquo;\u00e9conomie circulaire VAUDE. Les mat\u00e9riaux principaux, ainsi que le garnissage, sont compos\u00e9s \u00e0 100&nbsp;% de polyester recycl\u00e9. Il se distingue en plus par une coupe favorisant l&rsquo;efficacit\u00e9 mat\u00e9rielle, sa robustesse et sa r\u00e9parabilit\u00e9 ais\u00e9e. Le label Green Shape de VAUDE garantit un produit \u00e9cologique, fonctionnel et fabriqu\u00e9 dans des mat\u00e9riaux durables.<\/p>\n<p><em>Sac de couchage couverture chaud avec garnissage en fibres synth\u00e9tiques #3&nbsp;saisons (du printemps \u00e0 l&rsquo;automne) #forme de couverture carr\u00e9e, usage polyvalent #fabrication principale en polyester recycl\u00e9<\/em><\/p>","protected":false},"excerpt":{"rendered":"<p>Sac de couchage couverture chaud avec garnissage en fibres synth\u00e9tiques #3&nbsp;saisons (du printemps \u00e0 l&rsquo;automne) #forme de couverture carr\u00e9e, usage polyvalent #fabrication principale en polyester recycl\u00e9<\/p>","protected":false},"featured_media":6705,"comment_status":"closed","ping_status":"open","template":"","meta":[],"product_brand":[375],"product_cat":[213,401,362],"product_tag":[365,389,368,390],"class_list":["post-6704","product","type-product","status-publish","has-post-thumbnail","product_brand-vaude","product_cat-boutique","product_cat-fibre-synthetique","product_cat-sacs-de-couchage","product_tag-boutique","product_tag-sac-de-couchage","product_tag-vente","product_tag-vente-sac-de-couchage","pa_saison-toutes-saisons-ete-printemps-automne","first","instock","purchasable","product-type-simple"],"_links":{"self":[{"href":"https:\/\/www.tracea.ch\/it\/wp-json\/wp\/v2\/product\/6704","targetHints":{"allow":["GET"]}}],"collection":[{"href":"https:\/\/www.tracea.ch\/it\/wp-json\/wp\/v2\/product"}],"about":[{"href":"https:\/\/www.tracea.ch\/it\/wp-json\/wp\/v2\/types\/product"}],"replies":[{"embeddable":true,"href":"https:\/\/www.tracea.ch\/it\/wp-json\/wp\/v2\/comments?post=6704"}],"version-history":[{"count":0,"href":"https:\/\/www.tracea.ch\/it\/wp-json\/wp\/v2\/product\/6704\/revisions"}],"wp:featuredmedia":[{"embeddable":true,"href":"https:\/\/www.tracea.ch\/it\/wp-json\/wp\/v2\/media\/6705"}],"wp:attachment":[{"href":"https:\/\/www.tracea.ch\/it\/wp-json\/wp\/v2\/media?parent=6704"}],"wp:term":[{"taxonomy":"product_brand","embeddable":true,"href":"https:\/\/www.tracea.ch\/it\/wp-json\/wp\/v2\/product_brand?post=6704"},{"taxonomy":"product_cat","embeddable":true,"href":"https:\/\/www.tracea.ch\/it\/wp-json\/wp\/v2\/product_cat?post=6704"},{"taxonomy":"product_tag","embeddable":true,"href":"https:\/\/www.tracea.ch\/it\/wp-json\/wp\/v2\/product_tag?post=6704"}],"curies":[{"name":"wp","href":"https:\/\/api.w.org\/{rel}","templated":true}]}}