{"id":6710,"date":"2026-06-29T15:50:43","date_gmt":"2026-06-29T15:50:43","guid":{"rendered":"https:\/\/www.tracea.ch\/boutique\/non%20class\u00e9\/navajo-500-s-ii-syn\/"},"modified":"2026-06-29T15:51:28","modified_gmt":"2026-06-29T15:51:28","slug":"navajo-500-s-ii-syn","status":"publish","type":"product","link":"https:\/\/www.tracea.ch\/it\/boutique\/navajo-500-s-ii-syn\/","title":{"rendered":"Navajo 500 S II SYN"},"content":{"rendered":"<p>Navajo 500&nbsp;S (pour une taille corporelle jusqu&rsquo;\u00e0 170&nbsp;cm) s&rsquo;utilise de diverses mani\u00e8res&nbsp;: comme sac de couchage, couverture de lit ou poncho chauffant. Quand on l&rsquo;accouple \u00e0 un autre sac de couchage couverture VAUDE, les deux dormeurs disposent chacun de leur propre entr\u00e9e\/sortie \u2013 sans zip g\u00eanant traversant la surface de couchage. Le garnissage en fibres synth\u00e9tiques isole, r\u00e9chauffe m\u00eame \u00e0 l&rsquo;\u00e9tat humide et est tr\u00e8s respirant. Lors des nuits fraiches, la partie haute se transforme en une capuche 3D \u00e0 l&rsquo;aide d&rsquo;un cordon de serrage. Le nouveau mat\u00e9riau ext\u00e9rieur est l\u00e9ger, pr\u00e9sente un toucher agr\u00e9able et soyeux et ne colle pas \u00e0 la peau. Sa finition Eco Finish sans PFC est d\u00e9perlante et antisalissures. Le sac de couchage couverture Navajo 500&nbsp;S prend part au concept d&rsquo;\u00e9conomie circulaire VAUDE. Les mat\u00e9riaux principaux, ainsi que le garnissage, sont compos\u00e9s \u00e0 100&nbsp;% de polyester recycl\u00e9. Il se distingue en plus par une coupe favorisant l&rsquo;efficacit\u00e9 mat\u00e9rielle, sa robustesse et sa r\u00e9parabilit\u00e9 ais\u00e9e. Le label Green Shape de VAUDE garantit un produit \u00e9cologique, fonctionnel et fabriqu\u00e9 dans des mat\u00e9riaux durables.<\/p>\n<p><em>Sac de couchage couverture de coupe \u00e9court\u00e9e avec garnissage en fibres synth\u00e9tiques #2&nbsp;saisons (de la fin du printemps au d\u00e9but de l&rsquo;automne) #forme de couverture carr\u00e9e, usage polyvalent #fabrication principale en polyester recycl\u00e9<\/em><\/p>","protected":false},"excerpt":{"rendered":"<p>Sac de couchage couverture de coupe \u00e9court\u00e9e avec garnissage en fibres synth\u00e9tiques #2&nbsp;saisons (de la fin du printemps au d\u00e9but de l&rsquo;automne) #forme de couverture carr\u00e9e, usage polyvalent #fabrication principale en polyester recycl\u00e9<\/p>","protected":false},"featured_media":6711,"comment_status":"closed","ping_status":"open","template":"","meta":[],"product_brand":[375],"product_cat":[213,401,362],"product_tag":[365,389,368,390],"class_list":["post-6710","product","type-product","status-publish","has-post-thumbnail","product_brand-vaude","product_cat-boutique","product_cat-fibre-synthetique","product_cat-sacs-de-couchage","product_tag-boutique","product_tag-sac-de-couchage","product_tag-vente","product_tag-vente-sac-de-couchage","pa_saison-toutes-saisons-ete-printemps-automne","first","instock","purchasable","product-type-simple"],"_links":{"self":[{"href":"https:\/\/www.tracea.ch\/it\/wp-json\/wp\/v2\/product\/6710","targetHints":{"allow":["GET"]}}],"collection":[{"href":"https:\/\/www.tracea.ch\/it\/wp-json\/wp\/v2\/product"}],"about":[{"href":"https:\/\/www.tracea.ch\/it\/wp-json\/wp\/v2\/types\/product"}],"replies":[{"embeddable":true,"href":"https:\/\/www.tracea.ch\/it\/wp-json\/wp\/v2\/comments?post=6710"}],"version-history":[{"count":0,"href":"https:\/\/www.tracea.ch\/it\/wp-json\/wp\/v2\/product\/6710\/revisions"}],"wp:featuredmedia":[{"embeddable":true,"href":"https:\/\/www.tracea.ch\/it\/wp-json\/wp\/v2\/media\/6711"}],"wp:attachment":[{"href":"https:\/\/www.tracea.ch\/it\/wp-json\/wp\/v2\/media?parent=6710"}],"wp:term":[{"taxonomy":"product_brand","embeddable":true,"href":"https:\/\/www.tracea.ch\/it\/wp-json\/wp\/v2\/product_brand?post=6710"},{"taxonomy":"product_cat","embeddable":true,"href":"https:\/\/www.tracea.ch\/it\/wp-json\/wp\/v2\/product_cat?post=6710"},{"taxonomy":"product_tag","embeddable":true,"href":"https:\/\/www.tracea.ch\/it\/wp-json\/wp\/v2\/product_tag?post=6710"}],"curies":[{"name":"wp","href":"https:\/\/api.w.org\/{rel}","templated":true}]}}