{"id":6874,"date":"2026-06-29T16:31:44","date_gmt":"2026-06-29T16:31:44","guid":{"rendered":"https:\/\/www.tracea.ch\/boutique\/non%20class\u00e9\/chapel-sul-xt-2p\/"},"modified":"2026-06-29T16:32:07","modified_gmt":"2026-06-29T16:32:07","slug":"chapel-sul-xt-2p","status":"publish","type":"product","link":"https:\/\/www.tracea.ch\/it\/boutique\/chapel-sul-xt-2p\/","title":{"rendered":"Chapel SUL XT 2P"},"content":{"rendered":"<p>Entre fonction, mat\u00e9riau et poids, toutes les attentes sont satisfaites ici&nbsp;! La tente deux personnes ultral\u00e9g\u00e8re Chapel SUL XT 2P se pr\u00eate aux couples en qu\u00eate d&rsquo;une tente spacieuse tr\u00e8s l\u00e9g\u00e8re capable d&rsquo;affronter en toute fiabilit\u00e9 tous les caprices de la m\u00e9t\u00e9o sur un circuit de trekking ou de cyclotourisme. Elle offre une belle hauteur confortable de 165&nbsp;cm dans le prolongement de l&rsquo;abside \u2013 o\u00f9 l&rsquo;on peut se changer debout, profiter d&rsquo;une hauteur d&rsquo;assise appr\u00e9ciable pour la cuisine et o\u00f9 les bagages comme les v\u00e9los eux-m\u00eames peuvent trouver une place au besoin. La tente 3&nbsp;saisons ultra r\u00e9sistante aux UV, au vent et aux intemp\u00e9ries se laisse monter ais\u00e9ment par une personne seule gr\u00e2ce \u00e0 la structure de fixation de manipulation facile, m\u00eame sous la pluie&nbsp;: car les solides crochets sont tout simplement clips\u00e9s sur l&rsquo;armature. La tente int\u00e9rieure est pr\u00e9-accroch\u00e9e, offre une circulation d&rsquo;air optimale et repousse les moustiques, col\u00e9opt\u00e8res et autres insectes. On peut aussi retirer la tente int\u00e9rieure si n\u00e9cessaire. Au fait&nbsp;: Pourvues d&rsquo;une bande silicon\u00e9e des deux c\u00f4t\u00e9s, les coutures de la tente ext\u00e9rieure garantissent l&rsquo;imperm\u00e9abilit\u00e9 absolue de la tente ext\u00e9rieure et une r\u00e9sistance accrue \u2013 avantage fourni en exclusivit\u00e9 par VAUDE. Avant de repartir, la tente se range rapidement dans le packsack \u00e0 ouverture large et se fixe en un clin d&rsquo;\u0153il sur le v\u00e9lo ou sur le sac \u00e0 dos gr\u00e2ce aux sangles de fixation. Chapel SUL XT 2P est de plus de fabrication \u00e9cologique enti\u00e8rement sans PFC. Au final, cette tente saura r\u00e9pondre aux attentes les plus exigeantes des passionn\u00e9s de trekking exp\u00e9riment\u00e9s&nbsp;!<\/p>\n<p><em>ouverture de ventilation prot\u00e9g\u00e9e de la pluie et r\u00e9glable \u00e0 l&rsquo;aide de la fermeture \u00e9clair de l&rsquo;entr\u00e9e, piquets ext\u00e9rieurs, excellente libert\u00e9 du mouvement\/r\u00e9partition de l&rsquo;espace, Tente int\u00e9rieure accroch\u00e9e pour un montage \u00e0 l\u2019\u00e9preuve de la pluie, montage tr\u00e8s rapide gr\u00e2ce au syst\u00e8me de piquets \u00e0 clips, entr\u00e9e avant peut \u00eatre utilis\u00e9e comme b\u00e2che pare-soleil, apsis multifonctions, 1 vestibule tr\u00e8s spacieuse, excellente a\u00e9ration gr\u00e2ce \u00e0 la fen\u00eatre filet et aux orifices de ventilation, valve de ventilation derri\u00e8re, Packsack avec fixation de bande tiss\u00e9e pour v\u00e9los ou sacs \u00e0 dos, 2 en 1: manette pour enrouler le cordon et pince, parfaitement adapt\u00e9e au v\u00e9lo et \u00e0 la moto<\/em><\/p>","protected":false},"excerpt":{"rendered":"<p>Tentes de trekking \u00e0 v\u00e9lo ultral\u00e9g\u00e8re tr\u00e8s spacieuse 2&nbsp;personnes pour le cyclotourisme et le trekking # imperm\u00e9able, r\u00e9sistant aux UV # 2,6&nbsp;kg seulement, int\u00e9rieur g\u00e9n\u00e9reux et confortable #100% sans PFC<\/p>","protected":false},"featured_media":6875,"comment_status":"closed","ping_status":"open","template":"","meta":[],"product_brand":[375],"product_cat":[408,213,361],"product_tag":[365,404,368,405],"class_list":["post-6874","product","type-product","status-publish","has-post-thumbnail","product_brand-vaude","product_cat-2-places","product_cat-boutique","product_cat-tentes","product_tag-boutique","product_tag-tente","product_tag-vente","product_tag-vente-tente","first","instock","purchasable","product-type-simple"],"_links":{"self":[{"href":"https:\/\/www.tracea.ch\/it\/wp-json\/wp\/v2\/product\/6874","targetHints":{"allow":["GET"]}}],"collection":[{"href":"https:\/\/www.tracea.ch\/it\/wp-json\/wp\/v2\/product"}],"about":[{"href":"https:\/\/www.tracea.ch\/it\/wp-json\/wp\/v2\/types\/product"}],"replies":[{"embeddable":true,"href":"https:\/\/www.tracea.ch\/it\/wp-json\/wp\/v2\/comments?post=6874"}],"version-history":[{"count":0,"href":"https:\/\/www.tracea.ch\/it\/wp-json\/wp\/v2\/product\/6874\/revisions"}],"wp:featuredmedia":[{"embeddable":true,"href":"https:\/\/www.tracea.ch\/it\/wp-json\/wp\/v2\/media\/6875"}],"wp:attachment":[{"href":"https:\/\/www.tracea.ch\/it\/wp-json\/wp\/v2\/media?parent=6874"}],"wp:term":[{"taxonomy":"product_brand","embeddable":true,"href":"https:\/\/www.tracea.ch\/it\/wp-json\/wp\/v2\/product_brand?post=6874"},{"taxonomy":"product_cat","embeddable":true,"href":"https:\/\/www.tracea.ch\/it\/wp-json\/wp\/v2\/product_cat?post=6874"},{"taxonomy":"product_tag","embeddable":true,"href":"https:\/\/www.tracea.ch\/it\/wp-json\/wp\/v2\/product_tag?post=6874"}],"curies":[{"name":"wp","href":"https:\/\/api.w.org\/{rel}","templated":true}]}}