{"id":6906,"date":"2026-06-29T16:33:29","date_gmt":"2026-06-29T16:33:29","guid":{"rendered":"https:\/\/www.tracea.ch\/boutique\/non%20class\u00e9\/adventure-mark-2p\/"},"modified":"2026-06-29T16:33:59","modified_gmt":"2026-06-29T16:33:59","slug":"adventure-mark-2p","status":"publish","type":"product","link":"https:\/\/www.tracea.ch\/it\/boutique\/adventure-mark-2p\/","title":{"rendered":"Adventure Mark 2P"},"content":{"rendered":"<p>Qu&rsquo;il vente, qu&rsquo;il pleuve ou que le soleil brille, avec la tente Adventure Mark 2 personnes, les adeptes d\u2019aventure sont \u00e9quip\u00e9s pour affronter tous les temps. Gr\u00e2ce \u00e0 son armature DAC durable, \u00e0 ses longes temp\u00eate Edelrid et \u00e0 sa construction autoportante, elle offre une protection fiable et des nuits confortables. Deux personnes dormant transversalement trouvent suffisamment de place dans l&rsquo;habitacle rectangulaire, peuvent s&rsquo;asseoir confortablement et ranger leurs bagages. C&rsquo;est donc parfait si l&rsquo;on doit parfois faire face au mauvais temps. Le sol de la tente est sur\u00e9lev\u00e9 sur les c\u00f4t\u00e9s afin de maintenir l&rsquo;humidit\u00e9 et la pluie \u00e0 l&rsquo;ext\u00e9rieur de mani\u00e8re fiable. Les doubles portes de la tente int\u00e9rieure sont tr\u00e8s pratiques : En plus d&rsquo;une porte en mesh classique, il existe un cache en mat\u00e9riau plus \u00e9tanche au vent qui peut \u00eatre ferm\u00e9 de l&rsquo;int\u00e9rieur. Cette fonctionnalit\u00e9 permet de maintenir la chaleur dans la tente lorsque les temp\u00e9ratures sont basses. En cas de temp\u00e9ratures estivales, plusieurs possibilit\u00e9s d&rsquo;a\u00e9ration \u00e0 l&rsquo;\u00e9preuve de la pluie et actionnables de l&rsquo;int\u00e9rieur offrent un climat agr\u00e9able dans la tente. Un autre point fort de la tente est la construction caract\u00e9ristique Mark-Wickel avec une corde \u00e9lastique, gr\u00e2ce \u00e0 laquelle elle peut \u00eatre mont\u00e9e rapidement et facilement et absorbe les coups de vent. La tente int\u00e9rieure est d\u00e9j\u00e0 accroch\u00e9e \u00e0 la tente ext\u00e9rieure autoportante. Ainsi, la tente int\u00e9rieure et la tente ext\u00e9rieure peuvent \u00eatre mont\u00e9es simultan\u00e9ment et \u00e0 l&rsquo;abri de la pluie. Particuli\u00e8rement pratique en cas de mauvais temps : La tente int\u00e9rieure peut \u00eatre d\u00e9croch\u00e9e en premier, n&rsquo;entre pas en contact avec l&rsquo;eau de pluie et est emball\u00e9e au sec. Le label Green Shape de VAUDE garantit un produit \u00e9cologique, fonctionnel et fabriqu\u00e9 dans des mat\u00e9riaux durables.<\/p>\n<p><em>construction de tente autoportante, piquets ext\u00e9rieurs, 2 entr\u00e9es \u00e0 ouverture large avec vestibules pour une vue panoramique ou pour cuisiner et ranger l\u2019\u00e9quipement, montage tr\u00e8s rapide et facile, Tente int\u00e9rieure accroch\u00e9e pour un montage \u00e0 l\u2019\u00e9preuve de la pluie, avec fixation \u00e9lastique qui a fait ses preuves avec la s\u00e9rie de tentes Mark, excellente libert\u00e9 du mouvement\/r\u00e9partition de l&rsquo;espace, portes de tente int\u00e9rieure enti\u00e8rement doubl\u00e9es avec des portes zipp\u00e9es en mesh pour une a\u00e9ration d\u2019appoint maximale, 4 a\u00e9rations prot\u00e9g\u00e9es de la pluie manipulables de l\u2019int\u00e9rieur, , excellente a\u00e9ration gr\u00e2ce \u00e0 la fen\u00eatre filet et aux orifices de ventilation, organisation ing\u00e9nieuse dans la tente int\u00e9rieure avec des poches lat\u00e9rales et de plafond, coutures 100&#038;nbsp, % \u00e9tanches \u00e0 l\u2019eau, enrouleurs de cordelette temp\u00eate Edelrid ultrar\u00e9sistants \u00e0 la traction et robustes, Packsack avec fixation de bande tiss\u00e9e pour v\u00e9los ou sacs \u00e0 dos, armatures et piquets DAC de qualit\u00e9 sup\u00e9rieure<\/em><\/p>","protected":false},"excerpt":{"rendered":"<p>Tente 2 personnes autoportante adapt\u00e9e \u00e0 toutes les conditions m\u00e9t\u00e9o #tr\u00e8s stable au vent et adapt\u00e9e \u00e0 l\u2019hiver #montage simple et rapide #tente ext\u00e9rieure et sol en nylon recycl\u00e9<\/p>","protected":false},"featured_media":6907,"comment_status":"closed","ping_status":"open","template":"","meta":[],"product_brand":[375],"product_cat":[408,213,361],"product_tag":[365,404,368,405],"class_list":["post-6906","product","type-product","status-publish","has-post-thumbnail","product_brand-vaude","product_cat-2-places","product_cat-boutique","product_cat-tentes","product_tag-boutique","product_tag-tente","product_tag-vente","product_tag-vente-tente","first","instock","purchasable","product-type-simple"],"_links":{"self":[{"href":"https:\/\/www.tracea.ch\/it\/wp-json\/wp\/v2\/product\/6906","targetHints":{"allow":["GET"]}}],"collection":[{"href":"https:\/\/www.tracea.ch\/it\/wp-json\/wp\/v2\/product"}],"about":[{"href":"https:\/\/www.tracea.ch\/it\/wp-json\/wp\/v2\/types\/product"}],"replies":[{"embeddable":true,"href":"https:\/\/www.tracea.ch\/it\/wp-json\/wp\/v2\/comments?post=6906"}],"version-history":[{"count":0,"href":"https:\/\/www.tracea.ch\/it\/wp-json\/wp\/v2\/product\/6906\/revisions"}],"wp:featuredmedia":[{"embeddable":true,"href":"https:\/\/www.tracea.ch\/it\/wp-json\/wp\/v2\/media\/6907"}],"wp:attachment":[{"href":"https:\/\/www.tracea.ch\/it\/wp-json\/wp\/v2\/media?parent=6906"}],"wp:term":[{"taxonomy":"product_brand","embeddable":true,"href":"https:\/\/www.tracea.ch\/it\/wp-json\/wp\/v2\/product_brand?post=6906"},{"taxonomy":"product_cat","embeddable":true,"href":"https:\/\/www.tracea.ch\/it\/wp-json\/wp\/v2\/product_cat?post=6906"},{"taxonomy":"product_tag","embeddable":true,"href":"https:\/\/www.tracea.ch\/it\/wp-json\/wp\/v2\/product_tag?post=6906"}],"curies":[{"name":"wp","href":"https:\/\/api.w.org\/{rel}","templated":true}]}}