{"id":6912,"date":"2026-06-29T16:33:29","date_gmt":"2026-06-29T16:33:29","guid":{"rendered":"https:\/\/www.tracea.ch\/boutique\/non%20class\u00e9\/ultralight-space-2p\/"},"modified":"2026-06-29T16:34:09","modified_gmt":"2026-06-29T16:34:09","slug":"ultralight-space-2p","status":"publish","type":"product","link":"https:\/\/www.tracea.ch\/it\/boutique\/ultralight-space-2p\/","title":{"rendered":"Ultralight Space 2P"},"content":{"rendered":"<p>La tente ultral\u00e9g\u00e8re Space 2P est un v\u00e9ritable miracle d&rsquo;espace et un multitalent pour les adeptes exigeants du trekking et du bikepacking. Avec sa construction Ridge-Tunnel, elle combine stabilit\u00e9, espace confortable et l\u00e9g\u00e8ret\u00e9, ainsi qu&rsquo;un encombrement optimis\u00e9 des armatures. La tente autoportante peut accueillir deux personnes et ses parois abruptes procurent une agr\u00e9able sensation d&rsquo;espace. Les deux absides spacieuses permettent de ranger les bagages en toute s\u00e9curit\u00e9, de se prot\u00e9ger du vent et des intemp\u00e9ries ou m\u00eame de cuisiner &#8211; tout en profitant de la vue. Les grandes parties en mesh sur les portes de la tente int\u00e9rieure et les possibilit\u00e9s d&rsquo;a\u00e9ration anti-pluie de la tente ext\u00e9rieure assurent un \u00e9change d&rsquo;air par tous les temps et donc un climat agr\u00e9able dans la tente. Les a\u00e9rations au-dessus des entr\u00e9es peuvent aussi \u00eatre compl\u00e8tement ferm\u00e9es. La tente ultral\u00e9g\u00e8re Space 2P convainc par son armature DAC et ses longes anti-temp\u00eate Edelrid de haute qualit\u00e9. Un point fort particulier de la Space 2P est son montage rapide et simple, rendu possible par le syst\u00e8me de double pitching : La tente int\u00e9rieure et la tente ext\u00e9rieure sont reli\u00e9es entre elles, ce qui permet de monter les deux couches en m\u00eame temps et \u00e0 l&rsquo;abri de la pluie. De plus, les gaines d\u2019armature ferm\u00e9es d&rsquo;un c\u00f4t\u00e9 facilitent et acc\u00e9l\u00e8rent consid\u00e9rablement le montage. En cas de pluie, la tente int\u00e9rieure peut \u00eatre d\u00e9tach\u00e9e s\u00e9par\u00e9ment, reste au sec et peut \u00eatre rang\u00e9e en toute s\u00e9curit\u00e9. De plus, la tente est \u00e9quip\u00e9e de housses de rangement adapt\u00e9es au bikepacking, qui permettent un transport facile sur le v\u00e9lo. Le label Green Shape de VAUDE garantit un produit \u00e9cologique, fonctionnel et fabriqu\u00e9 dans des mat\u00e9riaux durables.<\/p>\n<p><em>2 entr\u00e9es \u00e0 ouverture large avec vestibules pour une vue panoramique ou pour cuisiner et ranger l\u2019\u00e9quipement, fourreau int\u00e9rieur pour l&rsquo;armature, montage tr\u00e8s rapide et facile, les ouvertures de ventilation peuvent se fermer, Tente int\u00e9rieure accroch\u00e9e pour un montage \u00e0 l\u2019\u00e9preuve de la pluie, coutures 100&#038;nbsp, % \u00e9tanches \u00e0 l\u2019eau, tente int\u00e9rieure taille confort, tente int\u00e9rieure transversale, organisation ing\u00e9nieuse dans la tente int\u00e9rieure avec des poches lat\u00e9rales et de plafond, porte de tente int\u00e9rieure avec empi\u00e8cements d\u2019a\u00e9ration en mesh anti-moustique pour une bonne ventilation sur la dur\u00e9e, enrouleurs de cordelette temp\u00eate Edelrid ultrar\u00e9sistants \u00e0 la traction et robustes, armatures et piquets DAC de qualit\u00e9 sup\u00e9rieure, pr\u00eate pour le bikepacking&#038;nbsp, : encombrement des armatures de 35&#038;nbsp, cm, Packsack avec fixation de bande tiss\u00e9e pour v\u00e9los ou sacs \u00e0 dos<\/em><\/p>","protected":false},"excerpt":{"rendered":"<p>Tente l\u00e9g\u00e8re 2 personnes pour bikepacking, cyclotourisme et adeptes de la rando longue distance #construction autoportante #spacieuse et simple \u00e0 monter #tente ext\u00e9rieure et sol en nylon recycl\u00e9<\/p>","protected":false},"featured_media":6913,"comment_status":"closed","ping_status":"open","template":"","meta":[],"product_brand":[375],"product_cat":[408,213,361],"product_tag":[365,404,368,405],"class_list":["post-6912","product","type-product","status-publish","has-post-thumbnail","product_brand-vaude","product_cat-2-places","product_cat-boutique","product_cat-tentes","product_tag-boutique","product_tag-tente","product_tag-vente","product_tag-vente-tente","first","instock","purchasable","product-type-simple"],"_links":{"self":[{"href":"https:\/\/www.tracea.ch\/it\/wp-json\/wp\/v2\/product\/6912","targetHints":{"allow":["GET"]}}],"collection":[{"href":"https:\/\/www.tracea.ch\/it\/wp-json\/wp\/v2\/product"}],"about":[{"href":"https:\/\/www.tracea.ch\/it\/wp-json\/wp\/v2\/types\/product"}],"replies":[{"embeddable":true,"href":"https:\/\/www.tracea.ch\/it\/wp-json\/wp\/v2\/comments?post=6912"}],"version-history":[{"count":0,"href":"https:\/\/www.tracea.ch\/it\/wp-json\/wp\/v2\/product\/6912\/revisions"}],"wp:featuredmedia":[{"embeddable":true,"href":"https:\/\/www.tracea.ch\/it\/wp-json\/wp\/v2\/media\/6913"}],"wp:attachment":[{"href":"https:\/\/www.tracea.ch\/it\/wp-json\/wp\/v2\/media?parent=6912"}],"wp:term":[{"taxonomy":"product_brand","embeddable":true,"href":"https:\/\/www.tracea.ch\/it\/wp-json\/wp\/v2\/product_brand?post=6912"},{"taxonomy":"product_cat","embeddable":true,"href":"https:\/\/www.tracea.ch\/it\/wp-json\/wp\/v2\/product_cat?post=6912"},{"taxonomy":"product_tag","embeddable":true,"href":"https:\/\/www.tracea.ch\/it\/wp-json\/wp\/v2\/product_tag?post=6912"}],"curies":[{"name":"wp","href":"https:\/\/api.w.org\/{rel}","templated":true}]}}