{"id":6914,"date":"2026-06-29T16:34:13","date_gmt":"2026-06-29T16:34:13","guid":{"rendered":"https:\/\/www.tracea.ch\/boutique\/non%20class\u00e9\/ultralight-lizard-2p\/"},"modified":"2026-06-29T16:34:13","modified_gmt":"2026-06-29T16:34:13","slug":"ultralight-lizard-2p","status":"publish","type":"product","link":"https:\/\/www.tracea.ch\/it\/boutique\/ultralight-lizard-2p\/","title":{"rendered":"Ultralight Lizard 2P"},"content":{"rendered":"<p>La tente ultral\u00e9g\u00e8re Lizard 2 personnes allie un faible poids \u00e0 une grande fonctionnalit\u00e9 ainsi qu&rsquo;\u00e0 un espace agr\u00e9able. La construction \u00e9prouv\u00e9e du tunnel \u00e0 deux arceaux, avec une longue entr\u00e9e panoramique de chaque c\u00f4t\u00e9, cr\u00e9e une hauteur int\u00e9rieure agr\u00e9able et offre suffisamment de place pour braver les phases de mauvais temps. De plus, elle offre la possibilit\u00e9 de quitter et d&rsquo;entrer dans la tente des deux c\u00f4t\u00e9s. L&rsquo;extr\u00e9mit\u00e9 de la tente ext\u00e9rieure au niveau des pieds offre en outre une possibilit\u00e9 d&rsquo;a\u00e9ration astucieuse : La tente ext\u00e9rieure peut \u00eatre relev\u00e9e en continu ou compl\u00e8tement ferm\u00e9e, pour laisser l&rsquo;air frais entrer dans la tente et am\u00e9liorer le climat int\u00e9rieur ou laisser le mauvais temps dehors. La tente int\u00e9rieure est compos\u00e9e d&rsquo;un mat\u00e9riau en mesh respirant, qui renforce encore la circulation de l&rsquo;air, et d&rsquo;un mat\u00e9riau plus dense et plus imperm\u00e9able au vent. Elle offre ainsi un m\u00e9lange optimal de protection et de ventilation. Deux absides compactes offrent un espace de rangement pour les \u00e9quipements tels que les sacs \u00e0 dos ou les sacoches de v\u00e9lo. Des d\u00e9tails bien pens\u00e9s, comme les gaines d&rsquo;armature ferm\u00e9es d&rsquo;un c\u00f4t\u00e9, facilitent le montage. Le montage simultan\u00e9 de la tente int\u00e9rieure et de la tente ext\u00e9rieure permet de garder l&rsquo;int\u00e9rieur de la tente au sec, m\u00eame en cas de pluie. De plus, la construction robuste des barres en aluminium DAC, associ\u00e9e aux longes anti-temp\u00eate Edelrid de haute qualit\u00e9, permet de rester stable m\u00eame par tr\u00e8s grand vent. Particuli\u00e8rement pratique pour les aventures de bikepacking : La tente ultral\u00e9g\u00e8re Lizard pour 2 personnes est \u00e9quip\u00e9e de sacs de rangement sp\u00e9ciaux qui facilitent son transport sur le v\u00e9lo. Le label Green Shape de VAUDE garantit un produit \u00e9cologique, fonctionnel et fabriqu\u00e9 dans des mat\u00e9riaux durables.<\/p>\n<p><em>2 entr\u00e9es \u00e0 ouverture large avec vestibules pour une vue panoramique ou pour cuisiner et ranger l\u2019\u00e9quipement, longue entr\u00e9e lat\u00e9rale pour une vue agr\u00e9able et un acc\u00e8s facile, Tente int\u00e9rieure accroch\u00e9e pour un montage \u00e0 l\u2019\u00e9preuve de la pluie, a\u00e9ration optimis\u00e9e gr\u00e2ce \u00e0 une ouverture r\u00e9glable prot\u00e9g\u00e9e de la pluie au bout des pieds et deux orifices d\u2019a\u00e9ration sup\u00e9rieurs sur les c\u00f4t\u00e9s, coutures 100&#038;nbsp, % \u00e9tanches \u00e0 l\u2019eau, organisation ing\u00e9nieuse dans la tente int\u00e9rieure avec des poches lat\u00e9rales et de plafond, porte de tente int\u00e9rieure avec empi\u00e8cements d\u2019a\u00e9ration en mesh anti-moustique pour une bonne ventilation sur la dur\u00e9e, enrouleurs de cordelette temp\u00eate Edelrid ultrar\u00e9sistants \u00e0 la traction et robustes, armatures et piquets DAC de qualit\u00e9 sup\u00e9rieure, Packsack avec fixation de bande tiss\u00e9e pour v\u00e9los ou sacs \u00e0 dos<\/em><\/p>","protected":false},"excerpt":{"rendered":"<p>Tente 2 personnes au poids optimis\u00e9 pour adeptes de la rando longue distance #spacieuse et stable au vent #montage simple et rapide #tente ext\u00e9rieure et sol en nylon recycl\u00e9<\/p>","protected":false},"featured_media":6915,"comment_status":"closed","ping_status":"open","template":"","meta":[],"product_brand":[375],"product_cat":[408,213,361],"product_tag":[365,404,368,405],"class_list":["post-6914","product","type-product","status-publish","has-post-thumbnail","product_brand-vaude","product_cat-2-places","product_cat-boutique","product_cat-tentes","product_tag-boutique","product_tag-tente","product_tag-vente","product_tag-vente-tente","first","instock","purchasable","product-type-simple"],"_links":{"self":[{"href":"https:\/\/www.tracea.ch\/it\/wp-json\/wp\/v2\/product\/6914","targetHints":{"allow":["GET"]}}],"collection":[{"href":"https:\/\/www.tracea.ch\/it\/wp-json\/wp\/v2\/product"}],"about":[{"href":"https:\/\/www.tracea.ch\/it\/wp-json\/wp\/v2\/types\/product"}],"replies":[{"embeddable":true,"href":"https:\/\/www.tracea.ch\/it\/wp-json\/wp\/v2\/comments?post=6914"}],"version-history":[{"count":0,"href":"https:\/\/www.tracea.ch\/it\/wp-json\/wp\/v2\/product\/6914\/revisions"}],"wp:featuredmedia":[{"embeddable":true,"href":"https:\/\/www.tracea.ch\/it\/wp-json\/wp\/v2\/media\/6915"}],"wp:attachment":[{"href":"https:\/\/www.tracea.ch\/it\/wp-json\/wp\/v2\/media?parent=6914"}],"wp:term":[{"taxonomy":"product_brand","embeddable":true,"href":"https:\/\/www.tracea.ch\/it\/wp-json\/wp\/v2\/product_brand?post=6914"},{"taxonomy":"product_cat","embeddable":true,"href":"https:\/\/www.tracea.ch\/it\/wp-json\/wp\/v2\/product_cat?post=6914"},{"taxonomy":"product_tag","embeddable":true,"href":"https:\/\/www.tracea.ch\/it\/wp-json\/wp\/v2\/product_tag?post=6914"}],"curies":[{"name":"wp","href":"https:\/\/api.w.org\/{rel}","templated":true}]}}