{"id":6979,"date":"2026-06-29T16:36:45","date_gmt":"2026-06-29T16:36:45","guid":{"rendered":"https:\/\/www.tracea.ch\/boutique\/non%20class\u00e9\/adventure-mark-3p\/"},"modified":"2026-06-29T16:37:44","modified_gmt":"2026-06-29T16:37:44","slug":"adventure-mark-3p","status":"publish","type":"product","link":"https:\/\/www.tracea.ch\/it\/boutique\/adventure-mark-3p\/","title":{"rendered":"Adventure Mark 3P"},"content":{"rendered":"<p>La tente Adventure Mark 3 personnes offre une protection fiable. Avec son armature robuste DAC, ses longes anti-temp\u00eate Edelrid de haute qualit\u00e9 et sa construction stable et autoportante, cette tente est parfaitement adapt\u00e9e aux sorties exigeantes. L&rsquo;int\u00e9rieur spacieux et rectangulaire peut accueillir trois personnes dormant en travers et offrir beaucoup d&rsquo;espace pour la t\u00eate. On peut non seulement s&rsquo;y asseoir confortablement, mais aussi y ranger ses bagages en toute s\u00e9curit\u00e9\u00a0:c&rsquo;est la tente id\u00e9ale pour braver le mauvais temps. Le sol de la tente est relev\u00e9 sur les c\u00f4t\u00e9s pour repousser l&rsquo;humidit\u00e9 et la pluie. Les doubles portes de la tente int\u00e9rieure sont un d\u00e9tail bien pens\u00e9 : En plus d&rsquo;une porte en mesh, un cache en mat\u00e9riau plus \u00e9tanche au vent peut \u00eatre ferm\u00e9 de l&rsquo;int\u00e9rieur. Ce d\u00e9tail pratique aide \u00e0 garder l&rsquo;int\u00e9rieur de la tente au chaud par temps froid, tandis que les ouvertures d&rsquo;a\u00e9ration accessibles de l&rsquo;int\u00e9rieur assurent une circulation d&rsquo;air agr\u00e9able les jours de grande chaleur. Autre avantage de la tente : sa construction Mark-Wickel marquante avec corde \u00e9lastique, permet de la monter rapidement et facilement et absorbe les coups de vent. La tente s\u00e9duit aussi par le fait que la tente int\u00e9rieure et la tente ext\u00e9rieure sont reli\u00e9es entre elles et peuvent donc \u00eatre mont\u00e9es simultan\u00e9ment et \u00e0 l&rsquo;abri de la pluie en quelques minutes. Par temps de pluie, la tente int\u00e9rieure peut \u00eatre d\u00e9tach\u00e9e s\u00e9par\u00e9ment de la tente ext\u00e9rieure, ce qui permet de la garder au sec et de la ranger facilement. Le label Green Shape de VAUDE garantit un produit \u00e9cologique, fonctionnel et fabriqu\u00e9 dans des mat\u00e9riaux durables.<\/p>\n<p><em>construction de tente autoportante, piquets ext\u00e9rieurs, 2 entr\u00e9es \u00e0 ouverture large avec vestibules pour une vue panoramique ou pour cuisiner et ranger l\u2019\u00e9quipement, montage tr\u00e8s rapide et facile, Tente int\u00e9rieure accroch\u00e9e pour un montage \u00e0 l\u2019\u00e9preuve de la pluie, avec fixation \u00e9lastique qui a fait ses preuves avec la s\u00e9rie de tentes Mark, 4 a\u00e9rations prot\u00e9g\u00e9es de la pluie manipulables de l\u2019int\u00e9rieur, , portes de tente int\u00e9rieure enti\u00e8rement doubl\u00e9es avec des portes zipp\u00e9es en mesh pour une a\u00e9ration d\u2019appoint maximale, excellente libert\u00e9 du mouvement\/r\u00e9partition de l&rsquo;espace, excellente a\u00e9ration gr\u00e2ce \u00e0 la fen\u00eatre filet et aux orifices de ventilation, organisation ing\u00e9nieuse dans la tente int\u00e9rieure avec des poches lat\u00e9rales et de plafond, coutures 100&#038;nbsp, % \u00e9tanches \u00e0 l\u2019eau, enrouleurs de cordelette temp\u00eate Edelrid ultrar\u00e9sistants \u00e0 la traction et robustes, Packsack avec fixation de bande tiss\u00e9e pour v\u00e9los ou sacs \u00e0 dos, armatures et piquets DAC de qualit\u00e9 sup\u00e9rieure<\/em><\/p>","protected":false},"excerpt":{"rendered":"<p>Tente 3 personnes stable adapt\u00e9e \u00e0 toutes les conditions m\u00e9t\u00e9o #stable au vent, imperm\u00e9able et avec absides spacieuses #montage simple et rapide #tente ext\u00e9rieure et sol en nylon recycl\u00e9<\/p>","protected":false},"featured_media":6980,"comment_status":"closed","ping_status":"open","template":"","meta":[],"product_brand":[375],"product_cat":[409,213,361],"product_tag":[365,404,368,405],"class_list":["post-6979","product","type-product","status-publish","has-post-thumbnail","product_brand-vaude","product_cat-3-places","product_cat-boutique","product_cat-tentes","product_tag-boutique","product_tag-tente","product_tag-vente","product_tag-vente-tente","first","instock","purchasable","product-type-simple"],"_links":{"self":[{"href":"https:\/\/www.tracea.ch\/it\/wp-json\/wp\/v2\/product\/6979","targetHints":{"allow":["GET"]}}],"collection":[{"href":"https:\/\/www.tracea.ch\/it\/wp-json\/wp\/v2\/product"}],"about":[{"href":"https:\/\/www.tracea.ch\/it\/wp-json\/wp\/v2\/types\/product"}],"replies":[{"embeddable":true,"href":"https:\/\/www.tracea.ch\/it\/wp-json\/wp\/v2\/comments?post=6979"}],"version-history":[{"count":0,"href":"https:\/\/www.tracea.ch\/it\/wp-json\/wp\/v2\/product\/6979\/revisions"}],"wp:featuredmedia":[{"embeddable":true,"href":"https:\/\/www.tracea.ch\/it\/wp-json\/wp\/v2\/media\/6980"}],"wp:attachment":[{"href":"https:\/\/www.tracea.ch\/it\/wp-json\/wp\/v2\/media?parent=6979"}],"wp:term":[{"taxonomy":"product_brand","embeddable":true,"href":"https:\/\/www.tracea.ch\/it\/wp-json\/wp\/v2\/product_brand?post=6979"},{"taxonomy":"product_cat","embeddable":true,"href":"https:\/\/www.tracea.ch\/it\/wp-json\/wp\/v2\/product_cat?post=6979"},{"taxonomy":"product_tag","embeddable":true,"href":"https:\/\/www.tracea.ch\/it\/wp-json\/wp\/v2\/product_tag?post=6979"}],"curies":[{"name":"wp","href":"https:\/\/api.w.org\/{rel}","templated":true}]}}