{"id":1009,"date":"2026-08-05T10:00:00","date_gmt":"2026-08-05T08:00:00","guid":{"rendered":"http:\/\/ra-activite-import-32761"},"modified":"2026-08-19T09:09:20","modified_gmt":"2026-08-19T09:09:20","slug":"journee-vtt-electrique-tcs-vaud","status":"publish","type":"ra_activite","link":"https:\/\/www.tracea.ch\/it\/activites\/journee-vtt-electrique-tcs-vaud\/","title":{"rendered":"Giornata dedicata alle mountain bike elettriche \u2013 TCS Vaud"},"content":{"rendered":"<p>Une journ\u00e9e enti\u00e8re d\u00e9di\u00e9e au VTT \u00e9lectrique, en partenariat avec le TCS Vaud, ouverte \u00e0 toutes et tous \u2014 d\u00e9butants comme confirm\u00e9s. Au c\u0153ur du Parc naturel r\u00e9gional Jura vaudois, alliez apprentissage, plaisir et \u00e9vasion, encadr\u00e9 par des moniteurs dipl\u00f4m\u00e9s.<\/p>\n<h2>Le d\u00e9roul\u00e9 de la journ\u00e9e<\/h2>\n<p><strong>Matin :<\/strong> techniques et conseils personnalis\u00e9s avec des moniteurs dipl\u00f4m\u00e9s, sur diff\u00e9rents terrains \u00e0 Saint-Cergue, y compris le bike park.<br \/>\n<strong>Midi :<\/strong> repas convivial inclus.<br \/>\n<strong>Apr\u00e8s-midi :<\/strong> sortie guid\u00e9e en groupes r\u00e9partis par niveau, \u00e0 travers for\u00eats, clairi\u00e8res et panoramas spectaculaires sur les Alpes.<\/p>\n<h2>Pour qui ?<\/h2>\n<p>Cette journ\u00e9e est l&rsquo;occasion id\u00e9ale de d\u00e9couvrir ou de red\u00e9couvrir le plaisir du v\u00e9lo tout-terrain \u00e9lectrique. D\u00e9butants et pratiquants confirm\u00e9s y progressent \u00e0 leur rythme, en petits groupes de niveau.<\/p>\n<h2>Informazioni pratiche<\/h2>\n<ul>\n<li><strong>Dur\u00e9e :<\/strong> journ\u00e9e compl\u00e8te<\/li>\n<li><strong>Ciclismo:<\/strong> Mountain bike elettrica<\/li>\n<li><strong>Niveau :<\/strong> tous niveaux<\/li>\n<li><strong>Inclus :<\/strong> repas de midi<\/li>\n<li><strong>Luogo:<\/strong> Saint-Cergue, Giura vodese<\/li>\n<\/ul>\n<p>R\u00e9servez votre place en ligne.<\/p>","protected":false},"excerpt":{"rendered":"<p>Journ\u00e9e d\u00e9couverte en VTT \u00e9lectrique avec le TCS Vaud dans le Jura vaudois. Sortie guid\u00e9e et accessible encadr\u00e9e par Tracea. R\u00e9servez votre place en ligne.<\/p>","protected":false},"featured_media":5009,"template":"","ra_categorie":[774,989,987],"ra_point_interet":[752],"class_list":["post-1009","ra_activite","type-ra_activite","status-publish","has-post-thumbnail","hentry","ra_categorie-velo","ra_categorie-vtt","ra_categorie-vtt-electrique"],"_links":{"self":[{"href":"https:\/\/www.tracea.ch\/it\/wp-json\/wp\/v2\/ra_activite\/1009","targetHints":{"allow":["GET"]}}],"collection":[{"href":"https:\/\/www.tracea.ch\/it\/wp-json\/wp\/v2\/ra_activite"}],"about":[{"href":"https:\/\/www.tracea.ch\/it\/wp-json\/wp\/v2\/types\/ra_activite"}],"wp:featuredmedia":[{"embeddable":true,"href":"https:\/\/www.tracea.ch\/it\/wp-json\/wp\/v2\/media\/5009"}],"wp:attachment":[{"href":"https:\/\/www.tracea.ch\/it\/wp-json\/wp\/v2\/media?parent=1009"}],"wp:term":[{"taxonomy":"ra_categorie","embeddable":true,"href":"https:\/\/www.tracea.ch\/it\/wp-json\/wp\/v2\/ra_categorie?post=1009"},{"taxonomy":"ra_point_interet","embeddable":true,"href":"https:\/\/www.tracea.ch\/it\/wp-json\/wp\/v2\/ra_point_interet?post=1009"}],"curies":[{"name":"wp","href":"https:\/\/api.w.org\/{rel}","templated":true}]}}