{"id":59989,"date":"2026-08-23T08:35:22","date_gmt":"2026-08-23T08:35:22","guid":{"rendered":"https:\/\/www.tracea.ch\/?post_type=ra_activite&#038;p=59989"},"modified":"2026-08-25T10:11:40","modified_gmt":"2026-08-25T10:11:40","slug":"stage-trail-preparation-racetafari","status":"publish","type":"ra_activite","link":"https:\/\/www.tracea.ch\/it\/activites\/stage-trail-preparation-racetafari\/","title":{"rendered":"Stage di trail running - Preparazione al Racetafari"},"content":{"rendered":"<p>Plongez dans des sorties<strong> de trail \u00ab\u00a0after-work\u00a0\u00bb immersif<\/strong>\u00a0au c\u0153ur du\u00a0<strong>Jura suisse<\/strong>, guid\u00e9 par\u00a0<strong>Lorick Buclin<\/strong>, Jeune traileur m\u00e9daill\u00e9 en trail courte distances. Durant <strong>3 s\u00e9ances gratuites<\/strong> de 2h, progressez sur les <strong>sentiers d\u2019entra\u00eenement<\/strong>\u00a0du champion et d\u00e9couvrez un terrain de jeu naturel id\u00e9al pour d\u00e9velopper votre technique et votre endurance.<\/p>\n<h2>Votre pr\u00e9paration \u00e0 la RACETAFARI au Coeur du Jura Vaudois<\/h2>\n<p>Ce s\u00e9jour s\u2019adresse \u00e0\u00a0<strong>tous coureurs<\/strong>, ces sorties \u00e0 th\u00e8me vous sont propos\u00e9es pour vous pr\u00e9parer au mieux \u00e0 l\u2019exigeante course de trail RACETAFARI de Novembre. https:\/\/www.racetafari.com\/<\/p>\n<p>Apr\u00e8s le RDV au magasin TRACEA, Vous partez avec un petit groupe sur les sentiers, l\u00e0 ou vous d\u00e9couvrirez le terrain, des outils pour vous perfectionner, des apports sur le mat\u00e9riel et la nutrition en plus de conseils et r\u00e9ponses \u00e0 votre pratique et vos objectifs.<\/p>\n<p>Entre\u00a0<strong>nature pr\u00e9serv\u00e9e<\/strong>,\u00a0<strong>conseils d\u2019expert<\/strong>,\u00a0<strong>convivialit\u00e9<\/strong>\u00a0e\u00a0<strong>plaisir de courir<\/strong>, ce stage promet une exp\u00e9rience authentique et inspirante pour progresser en trail.<\/p>\n<h2>Les points forts<\/h2>\n<p>\u2022 Sorties trail dans le Jura avec Lorick Buclin, expert dans le domaine du trail courte distance<br \/>\n\u2022 Un cadre exceptionnel dans le Jura Suisse, juste derri\u00e8re le magasin TRACEA<br \/>\n\u2022 S\u00e9ances \u00e0 th\u00e8me pour progresser en vue de la RACETAFARI<\/p>\n<h2>Dates<\/h2>\n<p>\u2022 Jeudi 10 septembre &#8211; 17h30<br \/>\n\u2022 Jeudi 1er octobre- 17h30<br \/>\n\u2022 Jeudi 15 octobre &#8211; 17h30<\/p>\n<h2>L\u2019expert accompagnant &#8211; Lorick Buclin<\/h2>\n<p><a href=\"https:\/\/www.tracea.ch\/wp-content\/uploads\/2026\/08\/Lorick.jpg\"><img fetchpriority=\"high\" decoding=\"async\" class=\"alignnone wp-image-59991 size-medium\" src=\"https:\/\/www.tracea.ch\/wp-content\/uploads\/2026\/08\/Lorick-225x300.jpg\" alt=\"\" width=\"225\" height=\"300\" srcset=\"https:\/\/www.tracea.ch\/wp-content\/uploads\/2026\/08\/Lorick-225x300.jpg 225w, https:\/\/www.tracea.ch\/wp-content\/uploads\/2026\/08\/Lorick-9x12.jpg 9w, https:\/\/www.tracea.ch\/wp-content\/uploads\/2026\/08\/Lorick.jpg 387w\" sizes=\"(max-width: 225px) 100vw, 225px\" \/><\/a><\/p>\n<h3>Exp\u00e9rience : traileur semi-professionnel \/ Sp\u00e9cialisation : trail court<\/h3>\n<p>Durant ces 3 s\u00e9ances, vous serez au contact de Lorick, jeune traileur de la r\u00e9gion, qui s\u2019est d\u00e9marqu\u00e9 ces derni\u00e8res ann\u00e9es par des performances sur des circuits internationaux comme ceux du label UTMB, il a particip\u00e9 aux championnats d\u2019Europe puis du Mondiaux o\u00f9 il a \u00e9t\u00e9 sacr\u00e9 3\u00e8me meilleure \u00e9quipe de la plan\u00e8te en 2025 avec la Suisse en cat\u00e9gorie U20. Cet athl\u00e8te toujours en qu\u00eate de nouveaux d\u00e9fis est surtout connu pour ses qualit\u00e9s de \u00ab descendeur \u00bb hors normes. A travers son exp\u00e9rience en comp\u00e9titions tel qu\u2019elles soient, en aventure sportive ou encore en trail en terrain complexe, il se fera un plaisir d\u2019\u00e9changer avec vous.<\/p>","protected":false},"excerpt":{"rendered":"<p>Profitez gratuitement d&rsquo;un encadrement professionnel pour progresser dans un cadre convivial et respectueux <\/p>","protected":false},"featured_media":59992,"template":"","ra_categorie":[777],"ra_point_interet":[749,752],"class_list":["post-59989","ra_activite","type-ra_activite","status-publish","has-post-thumbnail","hentry","ra_categorie-trail"],"_links":{"self":[{"href":"https:\/\/www.tracea.ch\/it\/wp-json\/wp\/v2\/ra_activite\/59989","targetHints":{"allow":["GET"]}}],"collection":[{"href":"https:\/\/www.tracea.ch\/it\/wp-json\/wp\/v2\/ra_activite"}],"about":[{"href":"https:\/\/www.tracea.ch\/it\/wp-json\/wp\/v2\/types\/ra_activite"}],"wp:featuredmedia":[{"embeddable":true,"href":"https:\/\/www.tracea.ch\/it\/wp-json\/wp\/v2\/media\/59992"}],"wp:attachment":[{"href":"https:\/\/www.tracea.ch\/it\/wp-json\/wp\/v2\/media?parent=59989"}],"wp:term":[{"taxonomy":"ra_categorie","embeddable":true,"href":"https:\/\/www.tracea.ch\/it\/wp-json\/wp\/v2\/ra_categorie?post=59989"},{"taxonomy":"ra_point_interet","embeddable":true,"href":"https:\/\/www.tracea.ch\/it\/wp-json\/wp\/v2\/ra_point_interet?post=59989"}],"curies":[{"name":"wp","href":"https:\/\/api.w.org\/{rel}","templated":true}]}}