{"id":59400,"date":"2024-09-25T09:34:22","date_gmt":"2024-09-25T07:34:22","guid":{"rendered":"https:\/\/monvtt.ch\/?p=34473"},"modified":"2026-08-25T19:45:54","modified_gmt":"2026-08-25T19:45:54","slug":"la-dole-vtt-all-mountain","status":"publish","type":"ra_trace","link":"https:\/\/www.tracea.ch\/it\/traces\/la-dole-vtt-all-mountain\/","title":{"rendered":"Giro della D\u00f4le \u2013 Mountain bike All Mountain"},"content":{"rendered":"<p>D\u00e9part du magasin tracea.ch \u00e0 Saint-Cergue<\/p>\n<p>Le tour de la D\u00f4le en VTT All Mountain commence par une mont\u00e9e courte mais intense pour rejoindre La Ballade \u00e0 B\u00e9atrix. Ce chemin peut \u00eatre glissant en cas de pluie. Vous arriverez ensuite vers le paisible quartier de Guinfard d&rsquo;o\u00f9 part la premi\u00e8re descente sur un beau chemin \u00e9troit.<\/p>\n<p>Ensuite, c&rsquo;est partie pour une mont\u00e9e de 5 kilom\u00e8tres sur un chemin blanc sans difficult\u00e9. Vous passerez \u00e0 proximit\u00e9 de La Baraque \u00e0 Kuffer et vous pourrez admirer sur votre gauche le lac L\u00e9man et la majestueuse chaine des Alpes. Arriv\u00e9e \u00e0 1380 m\u00e8tres d&rsquo;altitude vous aurez m\u00e9ritez une magnifique descente sur le chemin des Cr\u00eates. Attention, il s&rsquo;agit d&rsquo;un sentier p\u00e9destre, veillez \u00e0 ralentir \u00e0 l&rsquo;approche des pi\u00e9tons. Apr\u00e8s 250 m de d\u00e9nivel\u00e9 n\u00e9gatif vous entamerez une nouvelle ascension au c\u0153ur d&rsquo;une for\u00eat magnifique.<\/p>\n<p>Une petite halte \u00e0 la cabane Au Priv\u00e9 d&rsquo;Amour vous redonnera l&rsquo;\u00e9nergie n\u00e9cessaire pour continuer. Arriv\u00e9e \u00e0 1380 m\u00e8tres, vous vous engagerez sur un single \u00e9troit, technique et glissant par temps de pluie. Apr\u00e8s cette magnifique descente direction l&rsquo;alpage de La Baudichonne. Veillez \u00e0 respecter les troupeaux et refermer les barri\u00e8res apr\u00e8s votre passage. Un effort de 2 kilom\u00e8tres sur une route goudronn\u00e9e vous am\u00e8nera \u00e0 1400 m\u00e8tres. De ce point vous basculerez sur le c\u00f4t\u00e9 Jura fran\u00e7ais et passerez \u00e0 proximit\u00e9 de fermes typiques de notre Jura Vaudois. Tout au long de ce chemin vous pourrez contempler le sommet de La D\u00f4le et son embl\u00e9matique \u00ab\u00a0boule blanche\u00a0\u00bb.<br \/>\nUn superbe single en l\u00e9g\u00e8re mont\u00e9e vous am\u00e8nera sur les pistes de ski de la station Jura Sur L\u00e9man.<\/p>\n<p>Apr\u00e8s une descente \u00e0 toute vitesse, n&rsquo;h\u00e9sitez pas \u00e0 vous arr\u00eater au restaurant de Cuvaloup pour d\u00e9guster un plat r\u00e9gional.<\/p>\n<p>Plus tard vous arrivez dans les alpages de La Givrine, un haut lieu touristique en hiver. Le retour sur Saint-Cergue se fait par de beaux chemins parfois techniques et \u00e9troits.<br \/>\nArrivez au <a href=\"https:\/\/www.tracea.ch\/it\/officina\/\">magasin tracea.ch<\/a>.<\/p>\n<p>A <a href=\"https:\/\/www.lacote-tourisme.ch\/fr\/Z14674\/st-cergue\" target=\"_blank\" rel=\"noopener\">Saint-Cergue<\/a> il est possible de laver votre v\u00e9lo \u00e0 l&rsquo;office de tourisme et de vous restaurez dans l&rsquo;un des 3 restaurants du village.<\/p>","protected":false},"excerpt":{"rendered":"<p>D\u00e9part du magasin tracea.ch \u00e0 Saint-Cergue Le tour de la D\u00f4le en VTT All Mountain commence par une mont\u00e9e courte mais intense pour rejoindre La Ballade \u00e0 B\u00e9atrix. Ce chemin peut \u00eatre glissant en cas de pluie. Vous arriverez ensuite vers le paisible quartier de Guinfard d&rsquo;o\u00f9 part la premi\u00e8re descente sur un beau chemin [&hellip;]<\/p>\n","protected":false},"featured_media":59784,"template":"","class_list":["post-59400","ra_trace","type-ra_trace","status-publish","has-post-thumbnail","hentry"],"_links":{"self":[{"href":"https:\/\/www.tracea.ch\/it\/wp-json\/wp\/v2\/ra_trace\/59400","targetHints":{"allow":["GET"]}}],"collection":[{"href":"https:\/\/www.tracea.ch\/it\/wp-json\/wp\/v2\/ra_trace"}],"about":[{"href":"https:\/\/www.tracea.ch\/it\/wp-json\/wp\/v2\/types\/ra_trace"}],"wp:featuredmedia":[{"embeddable":true,"href":"https:\/\/www.tracea.ch\/it\/wp-json\/wp\/v2\/media\/59784"}],"wp:attachment":[{"href":"https:\/\/www.tracea.ch\/it\/wp-json\/wp\/v2\/media?parent=59400"}],"curies":[{"name":"wp","href":"https:\/\/api.w.org\/{rel}","templated":true}]}}